{"id":3298,"date":"2024-04-29T10:45:19","date_gmt":"2024-04-29T10:45:19","guid":{"rendered":"https:\/\/www.sciencesforlife.org\/?page_id=3298"},"modified":"2024-04-29T10:58:20","modified_gmt":"2024-04-29T10:58:20","slug":"requisitos-para-ser-profesional-asociado","status":"publish","type":"page","link":"http:\/\/www.sciencesforlife.org\/index.php\/requisitos-para-ser-profesional-asociado\/","title":{"rendered":"Requisitos para ser profesional asociado"},"content":{"rendered":"\t\t<div data-elementor-type=\"wp-page\" data-elementor-id=\"3298\" class=\"elementor elementor-3298\">\n\t\t\t\t<div class=\"elementor-element elementor-element-8aa3050 e-flex e-con-boxed e-con e-parent\" data-id=\"8aa3050\" data-element_type=\"container\">\n\t\t\t\t\t<div class=\"e-con-inner\">\n\t\t\t\t\t<\/div>\n\t\t\t\t<\/div>\n\t\t<div class=\"elementor-element elementor-element-c3aad9a e-flex e-con-boxed e-con e-parent\" data-id=\"c3aad9a\" data-element_type=\"container\">\n\t\t\t\t\t<div class=\"e-con-inner\">\n\t\t\t\t<div class=\"elementor-element elementor-element-410a6d1 elementor-widget elementor-widget-spacer\" data-id=\"410a6d1\" data-element_type=\"widget\" data-widget_type=\"spacer.default\">\n\t\t\t\t<div class=\"elementor-widget-container\">\n\t\t\t<style>\/*! elementor - v3.21.0 - 18-04-2024 *\/\n.elementor-column .elementor-spacer-inner{height:var(--spacer-size)}.e-con{--container-widget-width:100%}.e-con-inner>.elementor-widget-spacer,.e-con>.elementor-widget-spacer{width:var(--container-widget-width,var(--spacer-size));--align-self:var(--container-widget-align-self,initial);--flex-shrink:0}.e-con-inner>.elementor-widget-spacer>.elementor-widget-container,.e-con>.elementor-widget-spacer>.elementor-widget-container{height:100%;width:100%}.e-con-inner>.elementor-widget-spacer>.elementor-widget-container>.elementor-spacer,.e-con>.elementor-widget-spacer>.elementor-widget-container>.elementor-spacer{height:100%}.e-con-inner>.elementor-widget-spacer>.elementor-widget-container>.elementor-spacer>.elementor-spacer-inner,.e-con>.elementor-widget-spacer>.elementor-widget-container>.elementor-spacer>.elementor-spacer-inner{height:var(--container-widget-height,var(--spacer-size))}.e-con-inner>.elementor-widget-spacer.elementor-widget-empty,.e-con>.elementor-widget-spacer.elementor-widget-empty{position:relative;min-height:22px;min-width:22px}.e-con-inner>.elementor-widget-spacer.elementor-widget-empty .elementor-widget-empty-icon,.e-con>.elementor-widget-spacer.elementor-widget-empty .elementor-widget-empty-icon{position:absolute;top:0;bottom:0;left:0;right:0;margin:auto;padding:0;width:22px;height:22px}<\/style>\t\t<div class=\"elementor-spacer\">\n\t\t\t<div class=\"elementor-spacer-inner\"><\/div>\n\t\t<\/div>\n\t\t\t\t<\/div>\n\t\t\t\t<\/div>\n\t\t\t\t<div class=\"elementor-element elementor-element-73dc325 elementor-widget elementor-widget-heading\" data-id=\"73dc325\" data-element_type=\"widget\" data-widget_type=\"heading.default\">\n\t\t\t\t<div class=\"elementor-widget-container\">\n\t\t\t<style>\/*! elementor - v3.21.0 - 18-04-2024 *\/\n.elementor-heading-title{padding:0;margin:0;line-height:1}.elementor-widget-heading .elementor-heading-title[class*=elementor-size-]>a{color:inherit;font-size:inherit;line-height:inherit}.elementor-widget-heading .elementor-heading-title.elementor-size-small{font-size:15px}.elementor-widget-heading .elementor-heading-title.elementor-size-medium{font-size:19px}.elementor-widget-heading .elementor-heading-title.elementor-size-large{font-size:29px}.elementor-widget-heading .elementor-heading-title.elementor-size-xl{font-size:39px}.elementor-widget-heading .elementor-heading-title.elementor-size-xxl{font-size:59px}<\/style><h2 class=\"elementor-heading-title elementor-size-default\">Requisitos para ser profesional asociado<\/h2>\t\t<\/div>\n\t\t\t\t<\/div>\n\t\t\t\t\t<\/div>\n\t\t\t\t<\/div>\n\t\t<div class=\"elementor-element elementor-element-bcf4788 e-flex e-con-boxed e-con e-parent\" data-id=\"bcf4788\" data-element_type=\"container\">\n\t\t\t\t\t<div class=\"e-con-inner\">\n\t\t\t\t<div class=\"elementor-element elementor-element-106dabc elementor-widget elementor-widget-text-editor\" data-id=\"106dabc\" data-element_type=\"widget\" data-widget_type=\"text-editor.default\">\n\t\t\t\t<div class=\"elementor-widget-container\">\n\t\t\t<style>\/*! elementor - v3.21.0 - 18-04-2024 *\/\n.elementor-widget-text-editor.elementor-drop-cap-view-stacked .elementor-drop-cap{background-color:#69727d;color:#fff}.elementor-widget-text-editor.elementor-drop-cap-view-framed .elementor-drop-cap{color:#69727d;border:3px solid;background-color:transparent}.elementor-widget-text-editor:not(.elementor-drop-cap-view-default) .elementor-drop-cap{margin-top:8px}.elementor-widget-text-editor:not(.elementor-drop-cap-view-default) .elementor-drop-cap-letter{width:1em;height:1em}.elementor-widget-text-editor .elementor-drop-cap{float:left;text-align:center;line-height:1;font-size:50px}.elementor-widget-text-editor .elementor-drop-cap-letter{display:inline-block}<\/style>\t\t\t\t<p><span style=\"color: var( --e-global-color-text ); font-family: var( --e-global-typography-text-font-family ), Sans-serif; font-size: var( --e-global-typography-text-font-size ); font-style: var( --e-global-typography-text-font-style ); font-weight: var( --e-global-typography-text-font-weight ); letter-spacing: var( --e-global-typography-text-letter-spacing ); text-transform: var( --e-global-typography-text-text-transform ); text-align: var(--text-align); background-color: transparent;\">\u00danicamente podr\u00e1n ser Profesionales asociados\/as las personas f\u00edsicas, sin perjuicio de las particularidades que, en su caso puedan establecerse en las que concurran los siguientes requisitos:<\/span><\/p><p>&#8211; Deben tener capacidad de obrar y encontrarse en activo dentro del sector Life Science.<\/p><p>&#8211; Debe tener inter\u00e9s en el desarrollo de los fines de la Asociaci\u00f3n y no estar sujetos a ninguna restricci\u00f3n legal para el ejercicio del Derecho de Asociaci\u00f3n.<\/p><p>&#8211; Ostentar la categor\u00eda de responsable o superior de departamento en una empresa\/entidad (p\u00fablica o privada).\u00a0<\/p>\t\t\t\t\t\t<\/div>\n\t\t\t\t<\/div>\n\t\t\t\t\t<\/div>\n\t\t\t\t<\/div>\n\t\t<div class=\"elementor-element elementor-element-a7fe3ed e-flex e-con-boxed e-con e-parent\" data-id=\"a7fe3ed\" data-element_type=\"container\">\n\t\t\t\t\t<div class=\"e-con-inner\">\n\t\t\t\t<div class=\"elementor-element elementor-element-46b209b elementor-widget elementor-widget-spacer\" data-id=\"46b209b\" data-element_type=\"widget\" data-widget_type=\"spacer.default\">\n\t\t\t\t<div class=\"elementor-widget-container\">\n\t\t\t\t\t<div class=\"elementor-spacer\">\n\t\t\t<div class=\"elementor-spacer-inner\"><\/div>\n\t\t<\/div>\n\t\t\t\t<\/div>\n\t\t\t\t<\/div>\n\t\t\t\t\t<\/div>\n\t\t\t\t<\/div>\n\t\t\t\t<\/div>\n\t\t","protected":false},"excerpt":{"rendered":"<p>Requisitos para ser profesional asociado \u00danicamente podr\u00e1n ser Profesionales asociados\/as las personas f\u00edsicas, sin perjuicio de las particularidades que, en su caso puedan establecerse en las que concurran los siguientes requisitos: &#8211; Deben tener capacidad de obrar y encontrarse en activo dentro del sector Life Science. &#8211; Debe tener inter\u00e9s en el desarrollo de los&#8230;<\/p>\n","protected":false},"author":1,"featured_media":0,"parent":0,"menu_order":0,"comment_status":"closed","ping_status":"closed","template":"","meta":{"_monsterinsights_skip_tracking":false,"_monsterinsights_sitenote_active":false,"_monsterinsights_sitenote_note":"","_monsterinsights_sitenote_category":0,"_kadence_starter_templates_imported_post":false,"_kad_post_transparent":"","_kad_post_title":"hide","_kad_post_layout":"fullwidth","_kad_post_sidebar_id":"","_kad_post_content_style":"unboxed","_kad_post_vertical_padding":"hide","_kad_post_feature":"hide","_kad_post_feature_position":"","_kad_post_header":false,"_kad_post_footer":false,"footnotes":""},"class_list":["post-3298","page","type-page","status-publish","hentry"],"yoast_head":"<!-- This site is optimized with the Yoast SEO plugin v22.2 - https:\/\/yoast.com\/wordpress\/plugins\/seo\/ -->\n<title>Requisitos para ser profesional asociado - SciencesForLife<\/title>\n<meta name=\"robots\" content=\"index, follow, max-snippet:-1, max-image-preview:large, max-video-preview:-1\" \/>\n<link rel=\"canonical\" href=\"http:\/\/www.sciencesforlife.org\/index.php\/requisitos-para-ser-profesional-asociado\/\" \/>\n<meta property=\"og:locale\" content=\"es_ES\" \/>\n<meta property=\"og:type\" content=\"article\" \/>\n<meta property=\"og:title\" content=\"Requisitos para ser profesional asociado - SciencesForLife\" \/>\n<meta property=\"og:description\" content=\"Requisitos para ser profesional asociado \u00danicamente podr\u00e1n ser Profesionales asociados\/as las personas f\u00edsicas, sin perjuicio de las particularidades que, en su caso puedan establecerse en las que concurran los siguientes requisitos: &#8211; Deben tener capacidad de obrar y encontrarse en activo dentro del sector Life Science. &#8211; Debe tener inter\u00e9s en el desarrollo de los...\" \/>\n<meta property=\"og:url\" content=\"http:\/\/www.sciencesforlife.org\/index.php\/requisitos-para-ser-profesional-asociado\/\" \/>\n<meta property=\"og:site_name\" content=\"SciencesForLife\" \/>\n<meta property=\"article:modified_time\" content=\"2024-04-29T10:58:20+00:00\" \/>\n<meta property=\"og:image\" content=\"http:\/\/www.sciencesforlife.org\/wp-content\/uploads\/2022\/06\/cropped-Recurso-1-1.png\" \/>\n\t<meta property=\"og:image:width\" content=\"253\" \/>\n\t<meta property=\"og:image:height\" content=\"108\" \/>\n\t<meta property=\"og:image:type\" content=\"image\/png\" \/>\n<meta name=\"twitter:card\" content=\"summary_large_image\" \/>\n<meta name=\"twitter:label1\" content=\"Tiempo de lectura\" \/>\n\t<meta name=\"twitter:data1\" content=\"1 minuto\" \/>\n<script type=\"application\/ld+json\" class=\"yoast-schema-graph\">{\"@context\":\"https:\/\/schema.org\",\"@graph\":[{\"@type\":\"WebPage\",\"@id\":\"http:\/\/www.sciencesforlife.org\/index.php\/requisitos-para-ser-profesional-asociado\/\",\"url\":\"http:\/\/www.sciencesforlife.org\/index.php\/requisitos-para-ser-profesional-asociado\/\",\"name\":\"Requisitos para ser profesional asociado - SciencesForLife\",\"isPartOf\":{\"@id\":\"https:\/\/www.sciencesforlife.org\/#website\"},\"datePublished\":\"2024-04-29T10:45:19+00:00\",\"dateModified\":\"2024-04-29T10:58:20+00:00\",\"breadcrumb\":{\"@id\":\"http:\/\/www.sciencesforlife.org\/index.php\/requisitos-para-ser-profesional-asociado\/#breadcrumb\"},\"inLanguage\":\"es\",\"potentialAction\":[{\"@type\":\"ReadAction\",\"target\":[\"http:\/\/www.sciencesforlife.org\/index.php\/requisitos-para-ser-profesional-asociado\/\"]}]},{\"@type\":\"BreadcrumbList\",\"@id\":\"http:\/\/www.sciencesforlife.org\/index.php\/requisitos-para-ser-profesional-asociado\/#breadcrumb\",\"itemListElement\":[{\"@type\":\"ListItem\",\"position\":1,\"name\":\"Portada\",\"item\":\"https:\/\/www.sciencesforlife.org\/\"},{\"@type\":\"ListItem\",\"position\":2,\"name\":\"Requisitos para ser profesional asociado\"}]},{\"@type\":\"WebSite\",\"@id\":\"https:\/\/www.sciencesforlife.org\/#website\",\"url\":\"https:\/\/www.sciencesforlife.org\/\",\"name\":\"S4L\",\"description\":\"S&oacute;lo otro sitio de WordPress\",\"publisher\":{\"@id\":\"https:\/\/www.sciencesforlife.org\/#organization\"},\"potentialAction\":[{\"@type\":\"SearchAction\",\"target\":{\"@type\":\"EntryPoint\",\"urlTemplate\":\"https:\/\/www.sciencesforlife.org\/?s={search_term_string}\"},\"query-input\":\"required name=search_term_string\"}],\"inLanguage\":\"es\"},{\"@type\":\"Organization\",\"@id\":\"https:\/\/www.sciencesforlife.org\/#organization\",\"name\":\"SFL\",\"url\":\"https:\/\/www.sciencesforlife.org\/\",\"logo\":{\"@type\":\"ImageObject\",\"inLanguage\":\"es\",\"@id\":\"https:\/\/www.sciencesforlife.org\/#\/schema\/logo\/image\/\",\"url\":\"http:\/\/www.sciencesforlife.org\/wp-content\/uploads\/2022\/06\/sfl-fb-2.jpg\",\"contentUrl\":\"http:\/\/www.sciencesforlife.org\/wp-content\/uploads\/2022\/06\/sfl-fb-2.jpg\",\"width\":1131,\"height\":555,\"caption\":\"SFL\"},\"image\":{\"@id\":\"https:\/\/www.sciencesforlife.org\/#\/schema\/logo\/image\/\"}}]}<\/script>\n<!-- \/ Yoast SEO plugin. -->","yoast_head_json":{"title":"Requisitos para ser profesional asociado - SciencesForLife","robots":{"index":"index","follow":"follow","max-snippet":"max-snippet:-1","max-image-preview":"max-image-preview:large","max-video-preview":"max-video-preview:-1"},"canonical":"http:\/\/www.sciencesforlife.org\/index.php\/requisitos-para-ser-profesional-asociado\/","og_locale":"es_ES","og_type":"article","og_title":"Requisitos para ser profesional asociado - SciencesForLife","og_description":"Requisitos para ser profesional asociado \u00danicamente podr\u00e1n ser Profesionales asociados\/as las personas f\u00edsicas, sin perjuicio de las particularidades que, en su caso puedan establecerse en las que concurran los siguientes requisitos: &#8211; Deben tener capacidad de obrar y encontrarse en activo dentro del sector Life Science. &#8211; Debe tener inter\u00e9s en el desarrollo de los...","og_url":"http:\/\/www.sciencesforlife.org\/index.php\/requisitos-para-ser-profesional-asociado\/","og_site_name":"SciencesForLife","article_modified_time":"2024-04-29T10:58:20+00:00","og_image":[{"width":253,"height":108,"url":"http:\/\/www.sciencesforlife.org\/wp-content\/uploads\/2022\/06\/cropped-Recurso-1-1.png","type":"image\/png"}],"twitter_card":"summary_large_image","twitter_misc":{"Tiempo de lectura":"1 minuto"},"schema":{"@context":"https:\/\/schema.org","@graph":[{"@type":"WebPage","@id":"http:\/\/www.sciencesforlife.org\/index.php\/requisitos-para-ser-profesional-asociado\/","url":"http:\/\/www.sciencesforlife.org\/index.php\/requisitos-para-ser-profesional-asociado\/","name":"Requisitos para ser profesional asociado - SciencesForLife","isPartOf":{"@id":"https:\/\/www.sciencesforlife.org\/#website"},"datePublished":"2024-04-29T10:45:19+00:00","dateModified":"2024-04-29T10:58:20+00:00","breadcrumb":{"@id":"http:\/\/www.sciencesforlife.org\/index.php\/requisitos-para-ser-profesional-asociado\/#breadcrumb"},"inLanguage":"es","potentialAction":[{"@type":"ReadAction","target":["http:\/\/www.sciencesforlife.org\/index.php\/requisitos-para-ser-profesional-asociado\/"]}]},{"@type":"BreadcrumbList","@id":"http:\/\/www.sciencesforlife.org\/index.php\/requisitos-para-ser-profesional-asociado\/#breadcrumb","itemListElement":[{"@type":"ListItem","position":1,"name":"Portada","item":"https:\/\/www.sciencesforlife.org\/"},{"@type":"ListItem","position":2,"name":"Requisitos para ser profesional asociado"}]},{"@type":"WebSite","@id":"https:\/\/www.sciencesforlife.org\/#website","url":"https:\/\/www.sciencesforlife.org\/","name":"S4L","description":"S&oacute;lo otro sitio de WordPress","publisher":{"@id":"https:\/\/www.sciencesforlife.org\/#organization"},"potentialAction":[{"@type":"SearchAction","target":{"@type":"EntryPoint","urlTemplate":"https:\/\/www.sciencesforlife.org\/?s={search_term_string}"},"query-input":"required name=search_term_string"}],"inLanguage":"es"},{"@type":"Organization","@id":"https:\/\/www.sciencesforlife.org\/#organization","name":"SFL","url":"https:\/\/www.sciencesforlife.org\/","logo":{"@type":"ImageObject","inLanguage":"es","@id":"https:\/\/www.sciencesforlife.org\/#\/schema\/logo\/image\/","url":"http:\/\/www.sciencesforlife.org\/wp-content\/uploads\/2022\/06\/sfl-fb-2.jpg","contentUrl":"http:\/\/www.sciencesforlife.org\/wp-content\/uploads\/2022\/06\/sfl-fb-2.jpg","width":1131,"height":555,"caption":"SFL"},"image":{"@id":"https:\/\/www.sciencesforlife.org\/#\/schema\/logo\/image\/"}}]}},"_links":{"self":[{"href":"http:\/\/www.sciencesforlife.org\/index.php\/wp-json\/wp\/v2\/pages\/3298","targetHints":{"allow":["GET"]}}],"collection":[{"href":"http:\/\/www.sciencesforlife.org\/index.php\/wp-json\/wp\/v2\/pages"}],"about":[{"href":"http:\/\/www.sciencesforlife.org\/index.php\/wp-json\/wp\/v2\/types\/page"}],"author":[{"embeddable":true,"href":"http:\/\/www.sciencesforlife.org\/index.php\/wp-json\/wp\/v2\/users\/1"}],"replies":[{"embeddable":true,"href":"http:\/\/www.sciencesforlife.org\/index.php\/wp-json\/wp\/v2\/comments?post=3298"}],"version-history":[{"count":5,"href":"http:\/\/www.sciencesforlife.org\/index.php\/wp-json\/wp\/v2\/pages\/3298\/revisions"}],"predecessor-version":[{"id":3304,"href":"http:\/\/www.sciencesforlife.org\/index.php\/wp-json\/wp\/v2\/pages\/3298\/revisions\/3304"}],"wp:attachment":[{"href":"http:\/\/www.sciencesforlife.org\/index.php\/wp-json\/wp\/v2\/media?parent=3298"}],"curies":[{"name":"wp","href":"https:\/\/api.w.org\/{rel}","templated":true}]}}